{"id":777,"date":"2025-03-02T19:06:05","date_gmt":"2025-03-02T19:06:05","guid":{"rendered":"https:\/\/budapestflyride.com\/?page_id=777"},"modified":"2025-03-20T22:31:19","modified_gmt":"2025-03-20T22:31:19","slug":"faq","status":"publish","type":"page","link":"https:\/\/budapestflyride.com\/hu\/faq\/","title":{"rendered":"GY.I.K."},"content":{"rendered":"<p>[et_pb_section fb_built=&#8221;1&#8243; _builder_version=&#8221;4.27.4&#8243; _module_preset=&#8221;default&#8221; background_color=&#8221;#d5e8f2&#8243; use_background_color_gradient=&#8221;on&#8221; background_color_gradient_stops=&#8221;rgba(43,135,218,0.82) 0%|rgba(41,196,169,0.7) 100%&#8221; background_color_gradient_overlays_image=&#8221;on&#8221; background_image=&#8221;http:\/\/budapestflyride.com\/wp-content\/uploads\/2025\/03\/NTR06791-scaled.jpg&#8221; custom_padding=&#8221;||20px|||&#8221; global_colors_info=&#8221;{}&#8221;][et_pb_row _builder_version=&#8221;4.27.4&#8243; _module_preset=&#8221;default&#8221; global_colors_info=&#8221;{}&#8221;][et_pb_column type=&#8221;4_4&#8243; _builder_version=&#8221;4.27.4&#8243; _module_preset=&#8221;default&#8221; global_colors_info=&#8221;{}&#8221;][et_pb_text _builder_version=&#8221;4.27.4&#8243; _module_preset=&#8221;default&#8221; text_font=&#8221;|800||on|||||&#8221; text_text_color=&#8221;#FFFFFF&#8221; text_font_size=&#8221;84px&#8221; text_orientation=&#8221;center&#8221; custom_margin=&#8221;||58px||false|false&#8221; animation_style=&#8221;slide&#8221; animation_direction=&#8221;top&#8221; animation_delay=&#8221;450ms&#8221; global_colors_info=&#8221;{}&#8221;]<\/p>\n<p>GY.I.K.<\/p>\n<p>[\/et_pb_text][et_pb_text _builder_version=&#8221;4.27.4&#8243; _module_preset=&#8221;default&#8221; text_font=&#8221;|700||on|||||&#8221; text_text_color=&#8221;#FFFFFF&#8221; text_font_size=&#8221;19px&#8221; text_orientation=&#8221;center&#8221; animation_style=&#8221;slide&#8221; animation_delay=&#8221;450ms&#8221; global_colors_info=&#8221;{}&#8221;]<\/p>\n<p>Gyakran Ism\u00e9telt K\u00e9rd\u00e9sek<\/p>\n<p>[\/et_pb_text][\/et_pb_column][\/et_pb_row][\/et_pb_section][et_pb_section fb_built=&#8221;1&#8243; _builder_version=&#8221;4.27.4&#8243; _module_preset=&#8221;default&#8221; custom_padding=&#8221;10px|||||&#8221; global_colors_info=&#8221;{}&#8221;][et_pb_row _builder_version=&#8221;4.27.4&#8243; _module_preset=&#8221;default&#8221; global_colors_info=&#8221;{}&#8221;][et_pb_column type=&#8221;4_4&#8243; admin_label=&#8221;Column&#8221; _builder_version=&#8221;4.27.4&#8243; _module_preset=&#8221;default&#8221; global_colors_info=&#8221;{}&#8221;][dsm_faq dsm_accordion_gap=&#8221;20px&#8221; dsm_open_bg_color=&#8221;#FFFFFF&#8221; dsm_open_font_icon=&#8221;&#x39;||divi||400&#8243; dsm_close_font_icon=&#8221;&#x39;||divi||400&#8243; dsm_open_icon_color=&#8221;#00BDF2&#8243; dsm_close_icon_color=&#8221;#00BDF2&#8243; dsm_close_font_size=&#8221;21px&#8221; dsm_animate_icon=&#8221;on&#8221; dsm_content_margin=&#8221;15px||10px||false|false&#8221; _builder_version=&#8221;4.27.4&#8243; _module_preset=&#8221;default&#8221; header_text_color=&#8221;#00BDF2&#8243; header_font_size=&#8221;19px&#8221; header_line_height=&#8221;1em&#8221; closed_header_font=&#8221;|600|||||||&#8221; closed_header_text_align=&#8221;left&#8221; closed_header_text_color=&#8221;#000000&#8243; closed_header_font_size=&#8221;19px&#8221; hover_enabled=&#8221;0&#8243; border_radii_dsm_toggle_open_border=&#8221;on|32px|32px|32px|32px&#8221; border_color_all_dsm_toggle_open_border=&#8221;#00BDF2&#8243; border_radii_dsm_toggle_closed_border=&#8221;on|84px|84px|84px|84px&#8221; global_colors_info=&#8221;{}&#8221; sticky_enabled=&#8221;0&#8243;][dsm_faq_child dsm_title=&#8221;How do I book a sightseeing flight?&#8221; dsm_content=&#8221;<\/p>\n<p>A v\u00e1rosn\u00e9z\u0151 rep\u00fcl\u00e9s foglal\u00e1sa egyszer\u0171! L\u00e1togasson el weboldalunkra, v\u00e1lassza ki a k\u00edv\u00e1nt rep\u00fcl\u00e9si \u00fatvonalat, v\u00e1lassza ki a legmegfelel\u0151bb id\u0151pontot, majd fejezze be a fizet\u00e9si folyamatot. A foglal\u00e1s meger\u0151s\u00edt\u00e9se ut\u00e1n egy visszaigazol\u00f3 e-mailt k\u00fcld\u00fcnk minden fontos inform\u00e1ci\u00f3val.<\/p>\n<p>&#8221; _builder_version=&#8221;4.27.4&#8243; _module_preset=&#8221;default&#8221; global_colors_info=&#8221;{}&#8221; parentOrderClass=&#8221;dsm_faq_0&#8243;][\/dsm_faq_child][dsm_faq_child dsm_title=&#8221;What happens if I need to cancel or reschedule my flight?&#8221; dsm_content=&#8221;<\/p>\n<p>Meg\u00e9rtj\u00fck, hogy a tervek v\u00e1ltozhatnak. Ak\u00e1r 48 \u00f3r\u00e1val a tervezett indul\u00e1s el\u0151tt lemondhatja vagy \u00e1tszervezheti a rep\u00fcl\u00e9st, teljes visszat\u00e9r\u00edt\u00e9st kapva, vagy \u00faj id\u0151pontot v\u00e1laszthat. Ha a lemond\u00e1s vagy v\u00e1ltoztat\u00e1s 48 \u00f3r\u00e1n bel\u00fcl t\u00f6rt\u00e9nik, k\u00e9rj\u00fck, tekintse meg lemond\u00e1si politik\u00e1nkat a tov\u00e1bbi r\u00e9szletek\u00e9rt.<\/p>\n<p>&#8221; _builder_version=&#8221;4.27.4&#8243; _module_preset=&#8221;default&#8221; global_colors_info=&#8221;{}&#8221; parentOrderClass=&#8221;dsm_faq_0&#8243;][\/dsm_faq_child][dsm_faq_child dsm_title=&#8221;How early should I arrive for my sightseeing flight?&#8221; dsm_content=&#8221;<\/p>\n<p>Azt javasoljuk, hogy legal\u00e1bb 10-15 perccel a rep\u00fcl\u00e9s el\u0151tt \u00e9rkezzen meg, hogy kit\u00f6lthesse a sz\u00fcks\u00e9ges pap\u00edrokat, \u00e9s felk\u00e9sz\u00fclj\u00f6n a felsz\u00e1ll\u00e1sra.<\/p>\n<p>&#8221; _builder_version=&#8221;4.27.4&#8243; _module_preset=&#8221;default&#8221; global_colors_info=&#8221;{}&#8221; parentOrderClass=&#8221;dsm_faq_0&#8243;][\/dsm_faq_child][dsm_faq_child dsm_title=&#8221;Is there a weight limit for passengers?&#8221; dsm_content=&#8221;<\/p>\n<p>Igen, biztons\u00e1gi okokb\u00f3l s\u00falykorl\u00e1toz\u00e1sok \u00e9rv\u00e9nyesek minden \u00fcl\u00e9sre. Ezek a korl\u00e1toz\u00e1sok a foglal\u00e1s sor\u00e1n vannak felt\u00fcntetve. Ha b\u00e1rmilyen k\u00e9rd\u00e9se van, k\u00e9rj\u00fck, vegye fel vel\u00fcnk a kapcsolatot el\u0151re, \u00e9s seg\u00edt\u00fcnk az \u00d6n ig\u00e9nyeinek megfelel\u0151en.<\/p>\n<p>&#8221; _builder_version=&#8221;4.27.4&#8243; _module_preset=&#8221;default&#8221; global_colors_info=&#8221;{}&#8221; parentOrderClass=&#8221;dsm_faq_0&#8243;][\/dsm_faq_child][dsm_faq_child dsm_title=&#8221;What if the weather affects my flight?&#8221; dsm_content=&#8221;<\/p>\n<p>Ha az id\u0151j\u00e1r\u00e1si k\u00f6r\u00fclm\u00e9nyek biztons\u00e1gos rep\u00fcl\u00e9st nem tesznek lehet\u0151v\u00e9, el\u0151re fel fogjuk venni \u00d6nnel a kapcsolatot, hogy \u00e1t\u00fctemezz\u00fck a rep\u00fcl\u00e9st t\u00f6bbletk\u00f6lts\u00e9g n\u00e9lk\u00fcl, vagy teljes visszat\u00e9r\u00edt\u00e9st biztos\u00edtunk.<\/p>\n<p>&#8221; _builder_version=&#8221;4.27.4&#8243; _module_preset=&#8221;default&#8221; global_colors_info=&#8221;{}&#8221; parentOrderClass=&#8221;dsm_faq_0&#8243;][\/dsm_faq_child][dsm_faq_child dsm_title=&#8221;Can I book a flight for a group?&#8221; dsm_content=&#8221;<\/p>\n<p>Igen! K\u00f6nnyed\u00e9n foglalhat csoportos rep\u00fcl\u00e9seket k\u00f6zvetlen\u00fcl a weboldalunkon. Egyszer\u0171en v\u00e1lassza ki az utasok sz\u00e1m\u00e1t \u00e9s a k\u00edv\u00e1nt rep\u00fcl\u00e9si id\u0151pontokat. Ha k\u00fcl\u00f6nleges csoportos esem\u00e9nyt tervez, vegye fel vel\u00fcnk a kapcsolatot el\u0151re, hogy szem\u00e9lyre szabott seg\u00edts\u00e9get ny\u00fajthassunk.<\/p>\n<p>&#8221; _builder_version=&#8221;4.27.4&#8243; _module_preset=&#8221;default&#8221; global_colors_info=&#8221;{}&#8221; parentOrderClass=&#8221;dsm_faq_0&#8243;][\/dsm_faq_child][dsm_faq_child dsm_title=&#8221;Do I need to bring anything with me?&#8221; dsm_content=&#8221;<\/p>\n<p>Please bring a valid ID, especially if you&#8217;re booking a private flight or flying as part of a special package. Don\u2019t forget to dress comfortably and bring any personal items like cameras or sunglasses to make the most of your sightseeing experience!<\/p>\n<p>&#8221; _builder_version=&#8221;4.27.4&#8243; _module_preset=&#8221;default&#8221; hover_enabled=&#8221;0&#8243; global_colors_info=&#8221;{}&#8221; parentOrderClass=&#8221;dsm_faq_0&#8243; sticky_enabled=&#8221;0&#8243;][\/dsm_faq_child][dsm_faq_child dsm_title=&#8221;Is there an age limit for passengers?&#8221; dsm_content=&#8221;<\/p>\n<p>Nincs szigor\u00fa \u00e9letkori korl\u00e1toz\u00e1s, de azt javasoljuk, hogy a gyerekek legal\u00e1bb 2 \u00e9vesek legyenek saj\u00e1t biztons\u00e1guk \u00e9rdek\u00e9ben. A 12 \u00e9v alatti gyermekeket feln\u0151tt k\u00eds\u00e9ret\u00e9ben kell utazniuk. Ha speci\u00e1lis ig\u00e9nyei vannak, k\u00e9rj\u00fck, vegye fel vel\u00fcnk a kapcsolatot, hogy seg\u00edthess\u00fcnk.<\/p>\n<p>&#8221; _builder_version=&#8221;4.27.4&#8243; _module_preset=&#8221;default&#8221; hover_enabled=&#8221;0&#8243; global_colors_info=&#8221;{}&#8221; parentOrderClass=&#8221;dsm_faq_0&#8243; sticky_enabled=&#8221;0&#8243;][\/dsm_faq_child][dsm_faq_child dsm_title=&#8221;What should I expect during my sightseeing flight?&#8221; dsm_content=&#8221;<\/p>\n<p>A v\u00e1rosn\u00e9z\u0151 rep\u00fcl\u00e9seink l\u00e9legzetel\u00e1ll\u00edt\u00f3 l\u00e9gi kil\u00e1t\u00e1st k\u00edn\u00e1lnak nevezetess\u00e9gekre \u00e9s term\u00e9szeti t\u00e1jakra. Pil\u00f3t\u00e1ink t\u00e1j\u00e9koztat\u00e1st adnak az \u00fat sor\u00e1n, \u00e9s rengeteg lehet\u0151s\u00e9g lesz fantasztikus f\u00e9nyk\u00e9pek k\u00e9sz\u00edt\u00e9s\u00e9re. A rep\u00fcl\u00e9s id\u0151tartama az \u00d6n \u00e1ltal v\u00e1lasztott \u00fatvonal f\u00fcggv\u00e9ny\u00e9ben v\u00e1ltozik, de garant\u00e1ltan felejthetetlen \u00e9lm\u00e9nyben lesz r\u00e9sze!<\/p>\n<p>&#8221; _builder_version=&#8221;4.27.4&#8243; _module_preset=&#8221;default&#8221; hover_enabled=&#8221;0&#8243; global_colors_info=&#8221;{}&#8221; parentOrderClass=&#8221;dsm_faq_0&#8243; sticky_enabled=&#8221;0&#8243;][\/dsm_faq_child][dsm_faq_child dsm_title=&#8221;Are there any restrictions on what I can bring on the flight?&#8221; dsm_content=&#8221;<\/p>\n<p>Biztons\u00e1gi okokb\u00f3l k\u00e9rj\u00fck, hogy ne hozzon nagy t\u00e1sk\u00e1kat vagy olyan t\u00e1rgyakat, amelyek zavarhatj\u00e1k a rep\u00fcl\u00e9st. Kis f\u00e9nyk\u00e9pez\u0151g\u00e9pek, telefonok \u00e9s k\u00f6nny\u0171 szem\u00e9lyes t\u00e1rgyak hozhat\u00f3k. K\u00e9rj\u00fck, olvassa el a r\u00e9szletes ir\u00e1nyelveinket a foglal\u00e1s sor\u00e1n.<\/p>\n<p>&#8221; _builder_version=&#8221;4.27.4&#8243; _module_preset=&#8221;default&#8221; hover_enabled=&#8221;0&#8243; global_colors_info=&#8221;{}&#8221; parentOrderClass=&#8221;dsm_faq_0&#8243; sticky_enabled=&#8221;0&#8243;][\/dsm_faq_child][dsm_faq_child dsm_title=&#8221;Can I request a specific route or destination?&#8221; dsm_content=&#8221;<\/p>\n<p>Igen, ha van egy\u00e9ni k\u00e9r\u00e9s a k\u00edv\u00e1nt \u00fatvonalra vagy desztin\u00e1ci\u00f3ra, b\u00e1tran vegye fel vel\u00fcnk a kapcsolatot. Minden t\u0151l\u00fcnk telhet\u0151t megtesz\u00fcnk, hogy a k\u00edv\u00e1ns\u00e1gainak megfelel\u0151en alak\u00edtsuk a rep\u00fcl\u00e9st, figyelembe v\u00e9ve az el\u00e9rhet\u0151s\u00e9get \u00e9s a biztons\u00e1gi szempontokat.<\/p>\n<p>&#8221; _builder_version=&#8221;4.27.4&#8243; _module_preset=&#8221;default&#8221; hover_enabled=&#8221;0&#8243; global_colors_info=&#8221;{}&#8221; parentOrderClass=&#8221;dsm_faq_0&#8243; sticky_enabled=&#8221;0&#8243;][\/dsm_faq_child][dsm_faq_child dsm_title=&#8221;How will I know my booking is confirmed?&#8221; dsm_content=&#8221;<\/p>\n<p>After you complete your booking and payment, you&#8217;ll receive an email confirmation with all the details of your flight. If you don\u2019t see it in your inbox, be sure to check your spam folder.<\/p>\n<p>&#8221; _builder_version=&#8221;4.27.4&#8243; _module_preset=&#8221;default&#8221; hover_enabled=&#8221;0&#8243; global_colors_info=&#8221;{}&#8221; parentOrderClass=&#8221;dsm_faq_0&#8243; sticky_enabled=&#8221;0&#8243;][\/dsm_faq_child][\/dsm_faq][\/et_pb_column][\/et_pb_row][\/et_pb_section]<\/p>","protected":false},"excerpt":{"rendered":"<p>F.A.Q.Frequently asked questions<div class=\"et_pb_with_border et_pb_module dsm_faq dsm_faq_0\">\n\t\t\t\t\n\t\t\t\t\n\t\t\t\t\n\t\t\t\t\n\t\t\t\t\n\t\t\t\t\n\t\t\t\t<div class=\"et_pb_module_inner\">\n\t\t\t\t\t<div class=\"dsm-faq-container dsm-front\" data-accordion=\"off\" data-open_first_item=\"off\">\n\t\t\t\t\n\t\t\t <\/div>\n\t\t\t \n\t\t\t\n\t\t\t\t<\/div>\n\t\t\t<\/div><div class=\"dsm_faq_child_0 dsm-faq-item-wrapper\">\n\t\t\t\t<div class=\"dsm-title-wrapper\">\n\t\t\t\t <div class=\"dsm-title-inner-wrapper\">\n\t\t\t\t   <div class=\"dsm_open_icon\"><span>9<\/span><\/div>\n\t\t\t\t   <div class=\"dsm_close_icon\"><span>9<\/span><\/div>\n\t\t\t\t   \n\t\t\t\t   \n\t\t\t\t   <h5 class=\"dsm-faq-title\">Hogyan foglalhatok v\u00e1rosn\u00e9z\u0151 rep\u00fcl\u00e9st?<\/h5>\n\t\t\t\t <\/div> \n\t\t\t\t <div class=\"dsm-faq-item-inner-wrapper\">\n\t\t\t\t   \n\t\t\t\t   \n\t\t\t\t   \n\t\t\t\t   \n\t\t\t\t <\/div>\n\t\t\t\t<\/div>\n\t\t\t\t<div class=\"dsm-faq-content\">A v\u00e1rosn\u00e9z\u0151 rep\u00fcl\u00e9s foglal\u00e1sa egyszer\u0171! L\u00e1togasson el weboldalunkra, v\u00e1lassza ki a k\u00edv\u00e1nt rep\u00fcl\u00e9si \u00fatvonalat, v\u00e1lassza ki a legmegfelel\u0151bb id\u0151pontot, majd fejezze be a fizet\u00e9si folyamatot. A foglal\u00e1s meger\u0151s\u00edt\u00e9se ut\u00e1n egy visszaigazol\u00f3 e-mailt k\u00fcld\u00fcnk minden fontos inform\u00e1ci\u00f3val.<\/div>\n\t\t\t <\/div>\n\t\t\t<div class=\"dsm_faq_child_1 dsm-faq-item-wrapper\">\n\t\t\t\t<div class=\"dsm-title-wrapper\">\n\t\t\t\t <div class=\"dsm-title-inner-wrapper\">\n\t\t\t\t   <div class=\"dsm_open_icon\"><span>9<\/span><\/div>\n\t\t\t\t   <div class=\"dsm_close_icon\"><span>9<\/span><\/div>\n\t\t\t\t   \n\t\t\t\t   \n\t\t\t\t   <h5 class=\"dsm-faq-title\">Mi t\u00f6rt\u00e9nik, ha le kell mondanom vagy \u00e1t kell szerveznem a rep\u00fcl\u00e9semet?<\/h5>\n\t\t\t\t <\/div> \n\t\t\t\t <div class=\"dsm-faq-item-inner-wrapper\">\n\t\t\t\t   \n\t\t\t\t   \n\t\t\t\t   \n\t\t\t\t   \n\t\t\t\t <\/div>\n\t\t\t\t<\/div>\n\t\t\t\t<div class=\"dsm-faq-content\">Meg\u00e9rtj\u00fck, hogy a tervek v\u00e1ltozhatnak. Ak\u00e1r 48 \u00f3r\u00e1val a tervezett indul\u00e1s el\u0151tt lemondhatja vagy \u00e1tszervezheti a rep\u00fcl\u00e9st, teljes visszat\u00e9r\u00edt\u00e9st kapva, vagy \u00faj id\u0151pontot v\u00e1laszthat. Ha a lemond\u00e1s vagy v\u00e1ltoztat\u00e1s 48 \u00f3r\u00e1n bel\u00fcl t\u00f6rt\u00e9nik, k\u00e9rj\u00fck, tekintse meg lemond\u00e1si politik\u00e1nkat a tov\u00e1bbi r\u00e9szletek\u00e9rt.<\/div>\n\t\t\t <\/div>\n\t\t\t<div class=\"dsm_faq_child_2 dsm-faq-item-wrapper\">\n\t\t\t\t<div class=\"dsm-title-wrapper\">\n\t\t\t\t <div class=\"dsm-title-inner-wrapper\">\n\t\t\t\t   <div class=\"dsm_open_icon\"><span>9<\/span><\/div>\n\t\t\t\t   <div class=\"dsm_close_icon\"><span>9<\/span><\/div>\n\t\t\t\t   \n\t\t\t\t   \n\t\t\t\t   <h5 class=\"dsm-faq-title\">Mennyi id\u0151vel \u00e9rkezzek a v\u00e1rosn\u00e9z\u0151 rep\u00fcl\u00e9s el\u0151tt?<\/h5>\n\t\t\t\t <\/div> \n\t\t\t\t <div class=\"dsm-faq-item-inner-wrapper\">\n\t\t\t\t   \n\t\t\t\t   \n\t\t\t\t   \n\t\t\t\t   \n\t\t\t\t <\/div>\n\t\t\t\t<\/div>\n\t\t\t\t<div class=\"dsm-faq-content\">Azt javasoljuk, hogy legal\u00e1bb 10-15 perccel a rep\u00fcl\u00e9s el\u0151tt \u00e9rkezzen meg, hogy kit\u00f6lthesse a sz\u00fcks\u00e9ges pap\u00edrokat, \u00e9s felk\u00e9sz\u00fclj\u00f6n a felsz\u00e1ll\u00e1sra.<\/div>\n\t\t\t <\/div>\n\t\t\t<div class=\"dsm_faq_child_3 dsm-faq-item-wrapper\">\n\t\t\t\t<div class=\"dsm-title-wrapper\">\n\t\t\t\t <div class=\"dsm-title-inner-wrapper\">\n\t\t\t\t   <div class=\"dsm_open_icon\"><span>9<\/span><\/div>\n\t\t\t\t   <div class=\"dsm_close_icon\"><span>9<\/span><\/div>\n\t\t\t\t   \n\t\t\t\t   \n\t\t\t\t   <h5 class=\"dsm-faq-title\">&#8221;Is<\/h5>\n\t\t\t\t <\/div> \n\t\t\t\t <div class=\"dsm-faq-item-inner-wrapper\">\n\t\t\t\t   \n\t\t\t\t   \n\t\t\t\t   \n\t\t\t\t   \n\t\t\t\t <\/div>\n\t\t\t\t<\/div>\n\t\t\t\t<div class=\"dsm-faq-content\">&#8221;Yes,<\/div>\n\t\t\t <\/div>\n\t\t\t<\/p>","protected":false},"author":1,"featured_media":0,"parent":0,"menu_order":0,"comment_status":"closed","ping_status":"closed","template":"","meta":{"_seopress_robots_primary_cat":"","_seopress_titles_title":"","_seopress_titles_desc":"","_seopress_robots_index":"","_et_pb_use_builder":"on","_et_pb_old_content":"","_et_gb_content_width":"","footnotes":""},"class_list":["post-777","page","type-page","status-publish","hentry"],"_links":{"self":[{"href":"https:\/\/budapestflyride.com\/hu\/wp-json\/wp\/v2\/pages\/777","targetHints":{"allow":["GET"]}}],"collection":[{"href":"https:\/\/budapestflyride.com\/hu\/wp-json\/wp\/v2\/pages"}],"about":[{"href":"https:\/\/budapestflyride.com\/hu\/wp-json\/wp\/v2\/types\/page"}],"author":[{"embeddable":true,"href":"https:\/\/budapestflyride.com\/hu\/wp-json\/wp\/v2\/users\/1"}],"replies":[{"embeddable":true,"href":"https:\/\/budapestflyride.com\/hu\/wp-json\/wp\/v2\/comments?post=777"}],"version-history":[{"count":5,"href":"https:\/\/budapestflyride.com\/hu\/wp-json\/wp\/v2\/pages\/777\/revisions"}],"predecessor-version":[{"id":1125,"href":"https:\/\/budapestflyride.com\/hu\/wp-json\/wp\/v2\/pages\/777\/revisions\/1125"}],"wp:attachment":[{"href":"https:\/\/budapestflyride.com\/hu\/wp-json\/wp\/v2\/media?parent=777"}],"curies":[{"name":"wp","href":"https:\/\/api.w.org\/{rel}","templated":true}]}}